{"id":85610,"date":"2022-12-08T15:16:43","date_gmt":"2022-12-08T14:16:43","guid":{"rendered":"https:\/\/www.valleedazergues.com\/?post_type=offres-individuels&#038;p=85610"},"modified":"2022-12-08T15:16:43","modified_gmt":"2022-12-08T14:16:43","slug":"balade-en-foret-noire","status":"publish","type":"offres-individuels","link":"https:\/\/www.valleedazergues.com\/en\/individual-offers\/balade-en-foret-noire\/","title":{"rendered":"BALADE EN FORET NOIRE"},"author":2,"featured_media":85615,"template":"","class_list":["post-85610","offres-individuels","type-offres-individuels","status-publish","has-post-thumbnail","hentry"],"yoast_head":"<!-- This site is optimized with the Yoast SEO plugin v27.5 - https:\/\/yoast.com\/product\/yoast-seo-wordpress\/ -->\n<title>BALADE EN FORET NOIRE - Autocars de la Vall\u00e9e d&#039;Azergues<\/title>\n<meta name=\"description\" content=\"visite guid\u00e9e de Freiburg, le mus\u00e9e de l&#039;Horlogerie, les chutes du Rhin en bateau, le parc floral de l&#039;Ile de Mainau, l\u2019\u00c9comus\u00e9e de la For\u00eat Noire \u00e0 Gutach et les cascades de Triberg\" \/>\n<meta name=\"robots\" content=\"index, follow, max-snippet:-1, max-image-preview:large, max-video-preview:-1\" \/>\n<link rel=\"canonical\" href=\"https:\/\/www.valleedazergues.com\/en\/individual-offers\/balade-en-foret-noire\/\" \/>\n<meta property=\"og:locale\" content=\"en_GB\" \/>\n<meta property=\"og:type\" content=\"article\" \/>\n<meta property=\"og:title\" content=\"BALADE EN FORET NOIRE - Autocars de la Vall\u00e9e d&#039;Azergues\" \/>\n<meta property=\"og:description\" content=\"visite guid\u00e9e de Freiburg, le mus\u00e9e de l&#039;Horlogerie, les chutes du Rhin en bateau, le parc floral de l&#039;Ile de Mainau, l\u2019\u00c9comus\u00e9e de la For\u00eat Noire \u00e0 Gutach et les cascades de Triberg\" \/>\n<meta property=\"og:url\" content=\"https:\/\/www.valleedazergues.com\/en\/individual-offers\/balade-en-foret-noire\/\" \/>\n<meta property=\"og:site_name\" content=\"Autocars de la Vall\u00e9e d&#039;Azergues\" \/>\n<meta property=\"article:publisher\" content=\"https:\/\/www.facebook.com\/autocarsvalleedazergues\/\" \/>\n<meta property=\"og:image\" content=\"https:\/\/www.valleedazergues.com\/wp-content\/uploads\/2022\/12\/Cascades-de-Triberg-Foret-Noire.jpg\" \/>\n\t<meta property=\"og:image:width\" content=\"1600\" \/>\n\t<meta property=\"og:image:height\" content=\"1066\" \/>\n\t<meta property=\"og:image:type\" content=\"image\/jpeg\" \/>\n<meta name=\"twitter:card\" content=\"summary_large_image\" \/>\n<script type=\"application\/ld+json\" class=\"yoast-schema-graph\">{\"@context\":\"https:\\\/\\\/schema.org\",\"@graph\":[{\"@type\":\"WebPage\",\"@id\":\"https:\\\/\\\/www.valleedazergues.com\\\/en\\\/individual-offers\\\/balade-en-foret-noire\\\/\",\"url\":\"https:\\\/\\\/www.valleedazergues.com\\\/en\\\/individual-offers\\\/balade-en-foret-noire\\\/\",\"name\":\"BALADE EN FORET NOIRE - Autocars de la Vall\u00e9e d&#039;Azergues\",\"isPartOf\":{\"@id\":\"https:\\\/\\\/www.valleedazergues.com\\\/en\\\/#website\"},\"primaryImageOfPage\":{\"@id\":\"https:\\\/\\\/www.valleedazergues.com\\\/en\\\/individual-offers\\\/balade-en-foret-noire\\\/#primaryimage\"},\"image\":{\"@id\":\"https:\\\/\\\/www.valleedazergues.com\\\/en\\\/individual-offers\\\/balade-en-foret-noire\\\/#primaryimage\"},\"thumbnailUrl\":\"https:\\\/\\\/www.valleedazergues.com\\\/wp-content\\\/uploads\\\/2022\\\/12\\\/Cascades-de-Triberg-Foret-Noire.jpg\",\"datePublished\":\"2022-12-08T14:16:43+00:00\",\"description\":\"visite guid\u00e9e de Freiburg, le mus\u00e9e de l'Horlogerie, les chutes du Rhin en bateau, le parc floral de l'Ile de Mainau, l\u2019\u00c9comus\u00e9e de la For\u00eat Noire \u00e0 Gutach et les cascades de Triberg\",\"breadcrumb\":{\"@id\":\"https:\\\/\\\/www.valleedazergues.com\\\/en\\\/individual-offers\\\/balade-en-foret-noire\\\/#breadcrumb\"},\"inLanguage\":\"en-GB\",\"potentialAction\":[{\"@type\":\"ReadAction\",\"target\":[\"https:\\\/\\\/www.valleedazergues.com\\\/en\\\/individual-offers\\\/balade-en-foret-noire\\\/\"]}]},{\"@type\":\"ImageObject\",\"inLanguage\":\"en-GB\",\"@id\":\"https:\\\/\\\/www.valleedazergues.com\\\/en\\\/individual-offers\\\/balade-en-foret-noire\\\/#primaryimage\",\"url\":\"https:\\\/\\\/www.valleedazergues.com\\\/wp-content\\\/uploads\\\/2022\\\/12\\\/Cascades-de-Triberg-Foret-Noire.jpg\",\"contentUrl\":\"https:\\\/\\\/www.valleedazergues.com\\\/wp-content\\\/uploads\\\/2022\\\/12\\\/Cascades-de-Triberg-Foret-Noire.jpg\",\"width\":1600,\"height\":1066},{\"@type\":\"BreadcrumbList\",\"@id\":\"https:\\\/\\\/www.valleedazergues.com\\\/en\\\/individual-offers\\\/balade-en-foret-noire\\\/#breadcrumb\",\"itemListElement\":[{\"@type\":\"ListItem\",\"position\":1,\"name\":\"Accueil\",\"item\":\"https:\\\/\\\/www.valleedazergues.com\\\/en\\\/\"},{\"@type\":\"ListItem\",\"position\":2,\"name\":\"Offres Individuels\",\"item\":\"https:\\\/\\\/www.valleedazergues.com\\\/en\\\/individual-offers\\\/\"},{\"@type\":\"ListItem\",\"position\":3,\"name\":\"BALADE EN FORET NOIRE\"}]},{\"@type\":\"WebSite\",\"@id\":\"https:\\\/\\\/www.valleedazergues.com\\\/en\\\/#website\",\"url\":\"https:\\\/\\\/www.valleedazergues.com\\\/en\\\/\",\"name\":\"Autocars de la Vall\u00e9e d'Azergues\",\"description\":\"\",\"publisher\":{\"@id\":\"https:\\\/\\\/www.valleedazergues.com\\\/en\\\/#organization\"},\"potentialAction\":[{\"@type\":\"SearchAction\",\"target\":{\"@type\":\"EntryPoint\",\"urlTemplate\":\"https:\\\/\\\/www.valleedazergues.com\\\/en\\\/?s={search_term_string}\"},\"query-input\":{\"@type\":\"PropertyValueSpecification\",\"valueRequired\":true,\"valueName\":\"search_term_string\"}}],\"inLanguage\":\"en-GB\"},{\"@type\":\"Organization\",\"@id\":\"https:\\\/\\\/www.valleedazergues.com\\\/en\\\/#organization\",\"name\":\"Autocars Vall\u00e9e d'Azergues\",\"url\":\"https:\\\/\\\/www.valleedazergues.com\\\/en\\\/\",\"logo\":{\"@type\":\"ImageObject\",\"inLanguage\":\"en-GB\",\"@id\":\"https:\\\/\\\/www.valleedazergues.com\\\/en\\\/#\\\/schema\\\/logo\\\/image\\\/\",\"url\":\"https:\\\/\\\/www.valleedazergues.com\\\/wp-content\\\/uploads\\\/2021\\\/08\\\/partage-site.jpg\",\"contentUrl\":\"https:\\\/\\\/www.valleedazergues.com\\\/wp-content\\\/uploads\\\/2021\\\/08\\\/partage-site.jpg\",\"width\":560,\"height\":292,\"caption\":\"Autocars Vall\u00e9e d'Azergues\"},\"image\":{\"@id\":\"https:\\\/\\\/www.valleedazergues.com\\\/en\\\/#\\\/schema\\\/logo\\\/image\\\/\"},\"sameAs\":[\"https:\\\/\\\/www.facebook.com\\\/autocarsvalleedazergues\\\/\"]}]}<\/script>\n<!-- \/ Yoast SEO plugin. -->","yoast_head_json":{"title":"BALADE EN FORET NOIRE - Autocars de la Vall\u00e9e d&#039;Azergues","description":"visite guid\u00e9e de Freiburg, le mus\u00e9e de l'Horlogerie, les chutes du Rhin en bateau, le parc floral de l'Ile de Mainau, l\u2019\u00c9comus\u00e9e de la For\u00eat Noire \u00e0 Gutach et les cascades de Triberg","robots":{"index":"index","follow":"follow","max-snippet":"max-snippet:-1","max-image-preview":"max-image-preview:large","max-video-preview":"max-video-preview:-1"},"canonical":"https:\/\/www.valleedazergues.com\/en\/individual-offers\/balade-en-foret-noire\/","og_locale":"en_GB","og_type":"article","og_title":"BALADE EN FORET NOIRE - Autocars de la Vall\u00e9e d&#039;Azergues","og_description":"visite guid\u00e9e de Freiburg, le mus\u00e9e de l'Horlogerie, les chutes du Rhin en bateau, le parc floral de l'Ile de Mainau, l\u2019\u00c9comus\u00e9e de la For\u00eat Noire \u00e0 Gutach et les cascades de Triberg","og_url":"https:\/\/www.valleedazergues.com\/en\/individual-offers\/balade-en-foret-noire\/","og_site_name":"Autocars de la Vall\u00e9e d&#039;Azergues","article_publisher":"https:\/\/www.facebook.com\/autocarsvalleedazergues\/","og_image":[{"width":1600,"height":1066,"url":"https:\/\/www.valleedazergues.com\/wp-content\/uploads\/2022\/12\/Cascades-de-Triberg-Foret-Noire.jpg","type":"image\/jpeg"}],"twitter_card":"summary_large_image","schema":{"@context":"https:\/\/schema.org","@graph":[{"@type":"WebPage","@id":"https:\/\/www.valleedazergues.com\/en\/individual-offers\/balade-en-foret-noire\/","url":"https:\/\/www.valleedazergues.com\/en\/individual-offers\/balade-en-foret-noire\/","name":"BALADE EN FORET NOIRE - Autocars de la Vall\u00e9e d&#039;Azergues","isPartOf":{"@id":"https:\/\/www.valleedazergues.com\/en\/#website"},"primaryImageOfPage":{"@id":"https:\/\/www.valleedazergues.com\/en\/individual-offers\/balade-en-foret-noire\/#primaryimage"},"image":{"@id":"https:\/\/www.valleedazergues.com\/en\/individual-offers\/balade-en-foret-noire\/#primaryimage"},"thumbnailUrl":"https:\/\/www.valleedazergues.com\/wp-content\/uploads\/2022\/12\/Cascades-de-Triberg-Foret-Noire.jpg","datePublished":"2022-12-08T14:16:43+00:00","description":"visite guid\u00e9e de Freiburg, le mus\u00e9e de l'Horlogerie, les chutes du Rhin en bateau, le parc floral de l'Ile de Mainau, l\u2019\u00c9comus\u00e9e de la For\u00eat Noire \u00e0 Gutach et les cascades de Triberg","breadcrumb":{"@id":"https:\/\/www.valleedazergues.com\/en\/individual-offers\/balade-en-foret-noire\/#breadcrumb"},"inLanguage":"en-GB","potentialAction":[{"@type":"ReadAction","target":["https:\/\/www.valleedazergues.com\/en\/individual-offers\/balade-en-foret-noire\/"]}]},{"@type":"ImageObject","inLanguage":"en-GB","@id":"https:\/\/www.valleedazergues.com\/en\/individual-offers\/balade-en-foret-noire\/#primaryimage","url":"https:\/\/www.valleedazergues.com\/wp-content\/uploads\/2022\/12\/Cascades-de-Triberg-Foret-Noire.jpg","contentUrl":"https:\/\/www.valleedazergues.com\/wp-content\/uploads\/2022\/12\/Cascades-de-Triberg-Foret-Noire.jpg","width":1600,"height":1066},{"@type":"BreadcrumbList","@id":"https:\/\/www.valleedazergues.com\/en\/individual-offers\/balade-en-foret-noire\/#breadcrumb","itemListElement":[{"@type":"ListItem","position":1,"name":"Accueil","item":"https:\/\/www.valleedazergues.com\/en\/"},{"@type":"ListItem","position":2,"name":"Offres Individuels","item":"https:\/\/www.valleedazergues.com\/en\/individual-offers\/"},{"@type":"ListItem","position":3,"name":"BALADE EN FORET NOIRE"}]},{"@type":"WebSite","@id":"https:\/\/www.valleedazergues.com\/en\/#website","url":"https:\/\/www.valleedazergues.com\/en\/","name":"Autocars de la Vall\u00e9e d'Azergues","description":"","publisher":{"@id":"https:\/\/www.valleedazergues.com\/en\/#organization"},"potentialAction":[{"@type":"SearchAction","target":{"@type":"EntryPoint","urlTemplate":"https:\/\/www.valleedazergues.com\/en\/?s={search_term_string}"},"query-input":{"@type":"PropertyValueSpecification","valueRequired":true,"valueName":"search_term_string"}}],"inLanguage":"en-GB"},{"@type":"Organization","@id":"https:\/\/www.valleedazergues.com\/en\/#organization","name":"Autocars Vall\u00e9e d'Azergues","url":"https:\/\/www.valleedazergues.com\/en\/","logo":{"@type":"ImageObject","inLanguage":"en-GB","@id":"https:\/\/www.valleedazergues.com\/en\/#\/schema\/logo\/image\/","url":"https:\/\/www.valleedazergues.com\/wp-content\/uploads\/2021\/08\/partage-site.jpg","contentUrl":"https:\/\/www.valleedazergues.com\/wp-content\/uploads\/2021\/08\/partage-site.jpg","width":560,"height":292,"caption":"Autocars Vall\u00e9e d'Azergues"},"image":{"@id":"https:\/\/www.valleedazergues.com\/en\/#\/schema\/logo\/image\/"},"sameAs":["https:\/\/www.facebook.com\/autocarsvalleedazergues\/"]}]}},"featured_img":"https:\/\/www.valleedazergues.com\/wp-content\/uploads\/2022\/12\/Cascades-de-Triberg-Foret-Noire.jpg","coauthors":[],"author_meta":{"author_link":"https:\/\/www.valleedazergues.com\/en\/author\/autocarsvda\/","display_name":"autocarsVDA"},"relative_dates":{"created":"Posted 3 years ago","modified":"Updated 3 years ago"},"absolute_dates":{"created":"Posted on 8 December 2022","modified":"Updated on 8 December 2022"},"absolute_dates_time":{"created":"Posted on 8 December 2022 15:16","modified":"Updated on 8 December 2022 15:16"},"featured_img_caption":"","tax_additional":[],"series_order":"","_links":{"self":[{"href":"https:\/\/www.valleedazergues.com\/en\/wp-json\/wp\/v2\/offres-individuels\/85610","targetHints":{"allow":["GET"]}}],"collection":[{"href":"https:\/\/www.valleedazergues.com\/en\/wp-json\/wp\/v2\/offres-individuels"}],"about":[{"href":"https:\/\/www.valleedazergues.com\/en\/wp-json\/wp\/v2\/types\/offres-individuels"}],"wp:featuredmedia":[{"embeddable":true,"href":"https:\/\/www.valleedazergues.com\/en\/wp-json\/wp\/v2\/media\/85615"}],"wp:attachment":[{"href":"https:\/\/www.valleedazergues.com\/en\/wp-json\/wp\/v2\/media?parent=85610"}],"curies":[{"name":"wp","href":"https:\/\/api.w.org\/{rel}","templated":true}]}}