{"id":12257,"date":"2021-09-20T16:20:58","date_gmt":"2021-09-20T14:20:58","guid":{"rendered":"https:\/\/www.valleedazergues.com\/news\/"},"modified":"2021-09-21T09:52:53","modified_gmt":"2021-09-21T07:52:53","slug":"news","status":"publish","type":"page","link":"https:\/\/www.valleedazergues.com\/en\/news\/","title":{"rendered":"News"},"content":{"rendered":"\t\t<div data-elementor-type=\"wp-page\" data-elementor-id=\"12257\" class=\"elementor elementor-12257 elementor-46\" data-elementor-post-type=\"page\">\n\t\t\t\t\t\t<header class=\"elementor-section elementor-top-section elementor-element elementor-element-16e4a149 elementor-section-boxed elementor-section-height-default elementor-section-height-default\" data-id=\"16e4a149\" data-element_type=\"section\" data-e-type=\"section\" data-settings=\"{&quot;background_background&quot;:&quot;classic&quot;}\">\n\t\t\t\t\t\t<div class=\"elementor-container elementor-column-gap-default\">\n\t\t\t\t\t<div class=\"elementor-column elementor-col-100 elementor-top-column elementor-element elementor-element-76392733\" data-id=\"76392733\" data-element_type=\"column\" data-e-type=\"column\">\n\t\t\t<div class=\"elementor-widget-wrap elementor-element-populated\">\n\t\t\t\t\t\t<div class=\"elementor-element elementor-element-108c5ca4 elementor-widget elementor-widget-heading\" data-id=\"108c5ca4\" data-element_type=\"widget\" data-e-type=\"widget\" data-widget_type=\"heading.default\">\n\t\t\t\t<div class=\"elementor-widget-container\">\n\t\t\t\t\t<h1 class=\"elementor-heading-title elementor-size-default\">News<\/h1>\t\t\t\t<\/div>\n\t\t\t\t<\/div>\n\t\t\t\t\t<\/div>\n\t\t<\/div>\n\t\t\t\t\t<\/div>\n\t\t<\/header>\n\t\t\t\t<section class=\"elementor-section elementor-top-section elementor-element elementor-element-0deeb02 elementor-section-boxed elementor-section-height-default elementor-section-height-default\" data-id=\"0deeb02\" data-element_type=\"section\" data-e-type=\"section\">\n\t\t\t\t\t\t<div class=\"elementor-container elementor-column-gap-default\">\n\t\t\t\t\t<div class=\"elementor-column elementor-col-100 elementor-top-column elementor-element elementor-element-70991e4\" data-id=\"70991e4\" data-element_type=\"column\" data-e-type=\"column\">\n\t\t\t<div class=\"elementor-widget-wrap elementor-element-populated\">\n\t\t\t\t\t\t<div class=\"elementor-element elementor-element-c30f0f7 elementor-posts__hover-none elementor-grid-3 elementor-grid-tablet-2 elementor-grid-mobile-1 elementor-posts--thumbnail-top elementor-card-shadow-yes elementor-widget elementor-widget-posts\" data-id=\"c30f0f7\" data-element_type=\"widget\" data-e-type=\"widget\" data-settings=\"{&quot;cards_masonry&quot;:&quot;yes&quot;,&quot;cards_row_gap&quot;:{&quot;unit&quot;:&quot;px&quot;,&quot;size&quot;:30,&quot;sizes&quot;:[]},&quot;cards_columns&quot;:&quot;3&quot;,&quot;cards_columns_tablet&quot;:&quot;2&quot;,&quot;cards_columns_mobile&quot;:&quot;1&quot;,&quot;cards_row_gap_tablet&quot;:{&quot;unit&quot;:&quot;px&quot;,&quot;size&quot;:&quot;&quot;,&quot;sizes&quot;:[]},&quot;cards_row_gap_mobile&quot;:{&quot;unit&quot;:&quot;px&quot;,&quot;size&quot;:&quot;&quot;,&quot;sizes&quot;:[]}}\" lang=\"fr-FR\" data-widget_type=\"posts.cards\">\n\t\t\t\t<div class=\"elementor-widget-container\">\n\t\t\t\t\t\t\t<div class=\"elementor-posts-container elementor-posts elementor-posts--skin-cards elementor-grid\" role=\"list\">\n\t\t\t\t<article class=\"elementor-post elementor-grid-item post-86701 post type-post status-publish format-standard hentry category-non-classifiee\" role=\"listitem\">\n\t\t\t<div class=\"elementor-post__card\">\n\t\t\t\t<div class=\"elementor-post__text\">\n\t\t\t\t<h2 class=\"elementor-post__title\">\n\t\t\t<a href=\"https:\/\/www.valleedazergues.com\/en\/2026\/02\/17\/conditions-du-parrainage-special-80-ans\/\" >\n\t\t\t\tConditions du parrainage sp\u00e9cial 80 ans\t\t\t<\/a>\n\t\t<\/h2>\n\t\t\t\t<div class=\"elementor-post__excerpt\">\n\t\t\t\t\t<\/div>\n\t\t\t\t<\/div>\n\t\t\t\t\t<\/div>\n\t\t<\/article>\n\t\t\t\t<article class=\"elementor-post elementor-grid-item post-86600 post type-post status-publish format-standard has-post-thumbnail hentry category-non-classifiee\" role=\"listitem\">\n\t\t\t<div class=\"elementor-post__card\">\n\t\t\t\t<a class=\"elementor-post__thumbnail__link\" href=\"https:\/\/www.valleedazergues.com\/en\/2026\/01\/21\/80-ans-des-autocars-de-la-vallee-dazergues\/\" tabindex=\"-1\" ><div class=\"elementor-post__thumbnail\"><img fetchpriority=\"high\" decoding=\"async\" width=\"768\" height=\"1024\" src=\"https:\/\/www.valleedazergues.com\/wp-content\/uploads\/2026\/01\/20260117_115256-768x1024.jpg\" class=\"attachment-medium_large size-medium_large wp-image-86601\" alt=\"\" srcset=\"https:\/\/www.valleedazergues.com\/wp-content\/uploads\/2026\/01\/20260117_115256-768x1024.jpg 768w, https:\/\/www.valleedazergues.com\/wp-content\/uploads\/2026\/01\/20260117_115256-225x300.jpg 225w, https:\/\/www.valleedazergues.com\/wp-content\/uploads\/2026\/01\/20260117_115256-1152x1536.jpg 1152w, https:\/\/www.valleedazergues.com\/wp-content\/uploads\/2026\/01\/20260117_115256-1536x2048.jpg 1536w, https:\/\/www.valleedazergues.com\/wp-content\/uploads\/2026\/01\/20260117_115256-scaled.jpg 1920w\" sizes=\"(max-width: 768px) 100vw, 768px\" \/><\/div><\/a>\n\t\t\t\t<div class=\"elementor-post__text\">\n\t\t\t\t<h2 class=\"elementor-post__title\">\n\t\t\t<a href=\"https:\/\/www.valleedazergues.com\/en\/2026\/01\/21\/80-ans-des-autocars-de-la-vallee-dazergues\/\" >\n\t\t\t\t80 ans des Autocars de la Vall\u00e9e d&#8217;Azergues\t\t\t<\/a>\n\t\t<\/h2>\n\t\t\t\t<div class=\"elementor-post__excerpt\">\n\t\t\t\t\t<\/div>\n\t\t\t\t<\/div>\n\t\t\t\t\t<\/div>\n\t\t<\/article>\n\t\t\t\t<article class=\"elementor-post elementor-grid-item post-86298 post type-post status-publish format-standard hentry category-a-la-une\" role=\"listitem\">\n\t\t\t<div class=\"elementor-post__card\">\n\t\t\t\t<div class=\"elementor-post__text\">\n\t\t\t\t<h2 class=\"elementor-post__title\">\n\t\t\t<a href=\"https:\/\/www.valleedazergues.com\/en\/2025\/07\/15\/presentation-autocars-vallee-dazergues-en-video\/\" >\n\t\t\t\tPr\u00e9sentation Autocars Vall\u00e9e d&#8217;Azergues en vid\u00e9o\t\t\t<\/a>\n\t\t<\/h2>\n\t\t\t\t<div class=\"elementor-post__excerpt\">\n\t\t\t\t\t<\/div>\n\t\t\t\t<\/div>\n\t\t\t\t\t<\/div>\n\t\t<\/article>\n\t\t\t\t<article class=\"elementor-post elementor-grid-item post-86231 post type-post status-publish format-standard has-post-thumbnail hentry category-non-classifiee\" role=\"listitem\">\n\t\t\t<div class=\"elementor-post__card\">\n\t\t\t\t<a class=\"elementor-post__thumbnail__link\" href=\"https:\/\/www.valleedazergues.com\/en\/2025\/04\/10\/de-nouvelles-disponibilites-pour-le-tourisme\/\" tabindex=\"-1\" ><div class=\"elementor-post__thumbnail\"><img decoding=\"async\" width=\"768\" height=\"428\" src=\"https:\/\/www.valleedazergues.com\/wp-content\/uploads\/2025\/04\/20250404_190052-768x428.jpg\" class=\"attachment-medium_large size-medium_large wp-image-86227\" alt=\"\" srcset=\"https:\/\/www.valleedazergues.com\/wp-content\/uploads\/2025\/04\/20250404_190052-768x428.jpg 768w, https:\/\/www.valleedazergues.com\/wp-content\/uploads\/2025\/04\/20250404_190052-300x167.jpg 300w, https:\/\/www.valleedazergues.com\/wp-content\/uploads\/2025\/04\/20250404_190052.jpg 1000w\" sizes=\"(max-width: 768px) 100vw, 768px\" \/><\/div><\/a>\n\t\t\t\t<div class=\"elementor-post__text\">\n\t\t\t\t<h2 class=\"elementor-post__title\">\n\t\t\t<a href=\"https:\/\/www.valleedazergues.com\/en\/2025\/04\/10\/de-nouvelles-disponibilites-pour-le-tourisme\/\" >\n\t\t\t\tDe nouvelles disponibilit\u00e9s pour le tourisme !\t\t\t<\/a>\n\t\t<\/h2>\n\t\t\t\t<div class=\"elementor-post__excerpt\">\n\t\t\t<p>Nous vous informons qu&#8217;\u00e0 compter du 1er avril 2025, nous n&#8217;assurons plus les trajets TER des axes 20, (23 et 24). La SNCF ne nous a pas renouvel\u00e9 le march\u00e9 suite \u00e0 un appel d&#8217;offres. Les services demeurent inchang\u00e9s. En cas de r\u00e9clamations, vous voudrez bien contacter la soci\u00e9t\u00e9 Transarc qui nous remplace.<br \/>\nNous tenons \u00e0 remercier tous les usagers de ces lignes pour les liens tiss\u00e9s avec nos conducteurs et l&#8217;entreprise pendant ces 15 derni\u00e8res ann\u00e9es.<br \/>\nCette perte de march\u00e9 va nous permettre de d\u00e9gager des disponibilit\u00e9s de conducteurs pour mieux r\u00e9pondre \u00e0 vos attentes en mati\u00e8re de voyages. <\/p>\n\t\t<\/div>\n\t\t\t\t<\/div>\n\t\t\t\t\t<\/div>\n\t\t<\/article>\n\t\t\t\t<article class=\"elementor-post elementor-grid-item post-85993 post type-post status-publish format-standard has-post-thumbnail hentry category-a-la-une\" role=\"listitem\">\n\t\t\t<div class=\"elementor-post__card\">\n\t\t\t\t<a class=\"elementor-post__thumbnail__link\" href=\"https:\/\/www.valleedazergues.com\/en\/2024\/04\/02\/label-objectif-co2\/\" tabindex=\"-1\" ><div class=\"elementor-post__thumbnail\"><img decoding=\"async\" width=\"768\" height=\"954\" src=\"https:\/\/www.valleedazergues.com\/wp-content\/uploads\/2024\/04\/logo_trv_objectif_co2_24_271-768x954.jpg\" class=\"attachment-medium_large size-medium_large wp-image-86234\" alt=\"\" srcset=\"https:\/\/www.valleedazergues.com\/wp-content\/uploads\/2024\/04\/logo_trv_objectif_co2_24_271-768x954.jpg 768w, https:\/\/www.valleedazergues.com\/wp-content\/uploads\/2024\/04\/logo_trv_objectif_co2_24_271-242x300.jpg 242w, https:\/\/www.valleedazergues.com\/wp-content\/uploads\/2024\/04\/logo_trv_objectif_co2_24_271-824x1024.jpg 824w, https:\/\/www.valleedazergues.com\/wp-content\/uploads\/2024\/04\/logo_trv_objectif_co2_24_271.jpg 987w\" sizes=\"(max-width: 768px) 100vw, 768px\" \/><\/div><\/a>\n\t\t\t\t<div class=\"elementor-post__text\">\n\t\t\t\t<h2 class=\"elementor-post__title\">\n\t\t\t<a href=\"https:\/\/www.valleedazergues.com\/en\/2024\/04\/02\/label-objectif-co2\/\" >\n\t\t\t\tLABEL OBJECTIF CO2\t\t\t<\/a>\n\t\t<\/h2>\n\t\t\t\t<div class=\"elementor-post__excerpt\">\n\t\t\t<p>Nous sommes heureux de vous annoncer que notre candidature au label Objectif CO2 a \u00e9t\u00e9 valid\u00e9e par les membres du comit\u00e9 de labellisation le jeudi 21 mars 2024.<\/p>\n\t\t<\/div>\n\t\t\t\t<\/div>\n\t\t\t\t\t<\/div>\n\t\t<\/article>\n\t\t\t\t<article class=\"elementor-post elementor-grid-item post-85805 post type-post status-publish format-standard has-post-thumbnail hentry category-a-la-une\" role=\"listitem\">\n\t\t\t<div class=\"elementor-post__card\">\n\t\t\t\t<a class=\"elementor-post__thumbnail__link\" href=\"https:\/\/www.valleedazergues.com\/en\/2023\/07\/27\/les-autocars-de-la-vallee-dazergues-recrutent\/\" tabindex=\"-1\" ><div class=\"elementor-post__thumbnail\"><img loading=\"lazy\" decoding=\"async\" width=\"768\" height=\"412\" src=\"https:\/\/www.valleedazergues.com\/wp-content\/uploads\/2023\/07\/DSCN6564-1-768x412.jpg\" class=\"attachment-medium_large size-medium_large wp-image-85816\" alt=\"\" srcset=\"https:\/\/www.valleedazergues.com\/wp-content\/uploads\/2023\/07\/DSCN6564-1-768x412.jpg 768w, https:\/\/www.valleedazergues.com\/wp-content\/uploads\/2023\/07\/DSCN6564-1-300x161.jpg 300w, https:\/\/www.valleedazergues.com\/wp-content\/uploads\/2023\/07\/DSCN6564-1-1024x549.jpg 1024w, https:\/\/www.valleedazergues.com\/wp-content\/uploads\/2023\/07\/DSCN6564-1-1536x824.jpg 1536w, https:\/\/www.valleedazergues.com\/wp-content\/uploads\/2023\/07\/DSCN6564-1-2048x1098.jpg 2048w\" sizes=\"(max-width: 768px) 100vw, 768px\" \/><\/div><\/a>\n\t\t\t\t<div class=\"elementor-post__text\">\n\t\t\t\t<h2 class=\"elementor-post__title\">\n\t\t\t<a href=\"https:\/\/www.valleedazergues.com\/en\/2023\/07\/27\/les-autocars-de-la-vallee-dazergues-recrutent\/\" >\n\t\t\t\tLes autocars de la Vall\u00e9e d&#8217;Azergues recrutent !\t\t\t<\/a>\n\t\t<\/h2>\n\t\t\t\t<div class=\"elementor-post__excerpt\">\n\t\t\t\t\t<\/div>\n\t\t\t\t<\/div>\n\t\t\t\t\t<\/div>\n\t\t<\/article>\n\t\t\t\t<article class=\"elementor-post elementor-grid-item post-85549 post type-post status-publish format-standard hentry category-non-classifiee\" role=\"listitem\">\n\t\t\t<div class=\"elementor-post__card\">\n\t\t\t\t<div class=\"elementor-post__text\">\n\t\t\t\t<h2 class=\"elementor-post__title\">\n\t\t\t<a href=\"https:\/\/www.valleedazergues.com\/en\/2022\/10\/04\/le-transport-de-voyageurs-recrute\/\" >\n\t\t\t\tLe transport de voyageurs recrute !\t\t\t<\/a>\n\t\t<\/h2>\n\t\t\t\t<div class=\"elementor-post__excerpt\">\n\t\t\t\t\t<\/div>\n\t\t\t\t<\/div>\n\t\t\t\t\t<\/div>\n\t\t<\/article>\n\t\t\t\t<article class=\"elementor-post elementor-grid-item post-1009 post type-post status-publish format-standard has-post-thumbnail hentry category-a-la-une category-non-classifiee\" role=\"listitem\">\n\t\t\t<div class=\"elementor-post__card\">\n\t\t\t\t<a class=\"elementor-post__thumbnail__link\" href=\"https:\/\/www.valleedazergues.com\/en\/2022\/01\/06\/gaz-naturel-vehicule-propre\/\" tabindex=\"-1\" ><div class=\"elementor-post__thumbnail\"><img loading=\"lazy\" decoding=\"async\" width=\"768\" height=\"576\" src=\"https:\/\/www.valleedazergues.com\/wp-content\/uploads\/2021\/07\/IMG_4852-768x576.jpg\" class=\"attachment-medium_large size-medium_large wp-image-34940\" alt=\"Crossway GAZ\" srcset=\"https:\/\/www.valleedazergues.com\/wp-content\/uploads\/2021\/07\/IMG_4852-768x576.jpg 768w, https:\/\/www.valleedazergues.com\/wp-content\/uploads\/2021\/07\/IMG_4852-300x225.jpg 300w, https:\/\/www.valleedazergues.com\/wp-content\/uploads\/2021\/07\/IMG_4852-1024x768.jpg 1024w, https:\/\/www.valleedazergues.com\/wp-content\/uploads\/2021\/07\/IMG_4852-1536x1152.jpg 1536w, https:\/\/www.valleedazergues.com\/wp-content\/uploads\/2021\/07\/IMG_4852.jpg 2016w\" sizes=\"(max-width: 768px) 100vw, 768px\" \/><\/div><\/a>\n\t\t\t\t<div class=\"elementor-post__text\">\n\t\t\t\t<h2 class=\"elementor-post__title\">\n\t\t\t<a href=\"https:\/\/www.valleedazergues.com\/en\/2022\/01\/06\/gaz-naturel-vehicule-propre\/\" >\n\t\t\t\tGaz naturel, v\u00e9hicule propre\t\t\t<\/a>\n\t\t<\/h2>\n\t\t\t\t<div class=\"elementor-post__excerpt\">\n\t\t\t<p>Mise en service le 6 janvier 2022 d\u2019un v\u00e9hicule neuf IVECO Crossway NP au bio gaz affect\u00e9 \u00e0 la ligne SYTRAL LR 265 Claveisolles-Villefranche. Moteur cursor 9 NP euro 6 E 360cv crit\u2019air1.<\/p>\n\t\t<\/div>\n\t\t\t\t<\/div>\n\t\t\t\t\t<\/div>\n\t\t<\/article>\n\t\t\t\t<article class=\"elementor-post elementor-grid-item post-28430 post type-post status-publish format-standard has-post-thumbnail hentry category-non-classifiee\" role=\"listitem\">\n\t\t\t<div class=\"elementor-post__card\">\n\t\t\t\t<a class=\"elementor-post__thumbnail__link\" href=\"https:\/\/www.valleedazergues.com\/en\/2021\/11\/29\/pas-encore-clients\/\" tabindex=\"-1\" ><div class=\"elementor-post__thumbnail\"><img loading=\"lazy\" decoding=\"async\" width=\"768\" height=\"397\" src=\"https:\/\/www.valleedazergues.com\/wp-content\/uploads\/2021\/11\/en-bourgogne-e1638172605802-768x397.jpeg\" class=\"attachment-medium_large size-medium_large wp-image-28432\" alt=\"\" srcset=\"https:\/\/www.valleedazergues.com\/wp-content\/uploads\/2021\/11\/en-bourgogne-e1638172605802-768x397.jpeg 768w, https:\/\/www.valleedazergues.com\/wp-content\/uploads\/2021\/11\/en-bourgogne-e1638172605802-300x155.jpeg 300w, https:\/\/www.valleedazergues.com\/wp-content\/uploads\/2021\/11\/en-bourgogne-e1638172605802-1024x529.jpeg 1024w, https:\/\/www.valleedazergues.com\/wp-content\/uploads\/2021\/11\/en-bourgogne-e1638172605802.jpeg 1080w\" sizes=\"(max-width: 768px) 100vw, 768px\" \/><\/div><\/a>\n\t\t\t\t<div class=\"elementor-post__text\">\n\t\t\t\t<h2 class=\"elementor-post__title\">\n\t\t\t<a href=\"https:\/\/www.valleedazergues.com\/en\/2021\/11\/29\/pas-encore-clients\/\" >\n\t\t\t\tPas encore clients ?\t\t\t<\/a>\n\t\t<\/h2>\n\t\t\t\t<div class=\"elementor-post__excerpt\">\n\t\t\t<p>Pour conna\u00eetre toutes les offres  touristiques et th\u00e9matiques que vous proposent les autocars de la vall\u00e9e d\u2019Azergues pour 2024, appelez-nous ou remplissez le formulaire de la page&nbsp;contact.<\/p>\n\t\t<\/div>\n\t\t\t\t<\/div>\n\t\t\t\t\t<\/div>\n\t\t<\/article>\n\t\t\t\t<article class=\"elementor-post elementor-grid-item post-24384 post type-post status-publish format-standard has-post-thumbnail hentry category-non-classifiee\" role=\"listitem\">\n\t\t\t<div class=\"elementor-post__card\">\n\t\t\t\t<a class=\"elementor-post__thumbnail__link\" href=\"https:\/\/www.valleedazergues.com\/en\/2021\/11\/17\/autocars-de-la-vallee-dazergues-partenaire-de-saybus\/\" tabindex=\"-1\" ><div class=\"elementor-post__thumbnail\"><img loading=\"lazy\" decoding=\"async\" width=\"768\" height=\"406\" src=\"https:\/\/www.valleedazergues.com\/wp-content\/uploads\/2021\/11\/saybus-vda-768x406.jpg\" class=\"attachment-medium_large size-medium_large wp-image-24412\" alt=\"Autocars Vall\u00e9e d&#039;Azergues - Partenaire\" srcset=\"https:\/\/www.valleedazergues.com\/wp-content\/uploads\/2021\/11\/saybus-vda-768x406.jpg 768w, https:\/\/www.valleedazergues.com\/wp-content\/uploads\/2021\/11\/saybus-vda-300x159.jpg 300w, https:\/\/www.valleedazergues.com\/wp-content\/uploads\/2021\/11\/saybus-vda-1024x541.jpg 1024w, https:\/\/www.valleedazergues.com\/wp-content\/uploads\/2021\/11\/saybus-vda-1536x812.jpg 1536w, https:\/\/www.valleedazergues.com\/wp-content\/uploads\/2021\/11\/saybus-vda.jpg 1600w\" sizes=\"(max-width: 768px) 100vw, 768px\" \/><\/div><\/a>\n\t\t\t\t<div class=\"elementor-post__text\">\n\t\t\t\t<h2 class=\"elementor-post__title\">\n\t\t\t<a href=\"https:\/\/www.valleedazergues.com\/en\/2021\/11\/17\/autocars-de-la-vallee-dazergues-partenaire-de-saybus\/\" >\n\t\t\t\tAutocars de la Vall\u00e9e d\u2019Azergues, partenaire de Saybus\t\t\t<\/a>\n\t\t<\/h2>\n\t\t\t\t<div class=\"elementor-post__excerpt\">\n\t\t\t<p>Partenaire de Saybus et du r\u00e9seau REUNIR<\/p>\n\t\t<\/div>\n\t\t\t\t<\/div>\n\t\t\t\t\t<\/div>\n\t\t<\/article>\n\t\t\t\t<\/div>\n\t\t\n\t\t\t\t\t\t<\/div>\n\t\t\t\t<\/div>\n\t\t\t\t\t<\/div>\n\t\t<\/div>\n\t\t\t\t\t<\/div>\n\t\t<\/section>\n\t\t\t\t<\/div>\n\t\t","protected":false},"excerpt":{"rendered":"<p>News<\/p>\n","protected":false},"author":1,"featured_media":0,"parent":0,"menu_order":0,"comment_status":"closed","ping_status":"closed","template":"","meta":{"advgb_blocks_editor_width":"","advgb_blocks_columns_visual_guide":"","footnotes":""},"class_list":["post-12257","page","type-page","status-publish","hentry"],"yoast_head":"<!-- This site is optimized with the Yoast SEO plugin v27.5 - https:\/\/yoast.com\/product\/yoast-seo-wordpress\/ -->\n<title>Azergues Valley coaches - Find out everything<\/title>\n<meta name=\"description\" content=\"All the news about Azergues Valley coaches\" \/>\n<meta name=\"robots\" content=\"index, follow, max-snippet:-1, max-image-preview:large, max-video-preview:-1\" \/>\n<link rel=\"canonical\" href=\"https:\/\/www.valleedazergues.com\/en\/news\/\" \/>\n<meta property=\"og:locale\" content=\"en_GB\" \/>\n<meta property=\"og:type\" content=\"article\" \/>\n<meta property=\"og:title\" content=\"Azergues Valley coaches - Find out everything\" \/>\n<meta property=\"og:description\" content=\"All the news about Azergues Valley coaches\" \/>\n<meta property=\"og:url\" content=\"https:\/\/www.valleedazergues.com\/en\/news\/\" \/>\n<meta property=\"og:site_name\" content=\"Autocars de la Vall\u00e9e d&#039;Azergues\" \/>\n<meta property=\"article:publisher\" content=\"https:\/\/www.facebook.com\/autocarsvalleedazergues\/\" \/>\n<meta property=\"article:modified_time\" content=\"2021-09-21T07:52:53+00:00\" \/>\n<meta name=\"twitter:card\" content=\"summary_large_image\" \/>\n<meta name=\"twitter:title\" content=\"Azergues Valley coaches - Find out everything\" \/>\n<meta name=\"twitter:description\" content=\"All the news about Azergues Valley coaches\" \/>\n<meta name=\"twitter:label1\" content=\"Estimated reading time\" \/>\n\t<meta name=\"twitter:data1\" content=\"2 minutes\" \/>\n<script type=\"application\/ld+json\" class=\"yoast-schema-graph\">{\"@context\":\"https:\\\/\\\/schema.org\",\"@graph\":[{\"@type\":\"WebPage\",\"@id\":\"https:\\\/\\\/www.valleedazergues.com\\\/en\\\/news\\\/\",\"url\":\"https:\\\/\\\/www.valleedazergues.com\\\/en\\\/news\\\/\",\"name\":\"Azergues Valley coaches - Find out everything\",\"isPartOf\":{\"@id\":\"https:\\\/\\\/www.valleedazergues.com\\\/en\\\/#website\"},\"datePublished\":\"2021-09-20T14:20:58+00:00\",\"dateModified\":\"2021-09-21T07:52:53+00:00\",\"description\":\"All the news about Azergues Valley coaches\",\"breadcrumb\":{\"@id\":\"https:\\\/\\\/www.valleedazergues.com\\\/en\\\/news\\\/#breadcrumb\"},\"inLanguage\":\"en-GB\",\"potentialAction\":[{\"@type\":\"ReadAction\",\"target\":[\"https:\\\/\\\/www.valleedazergues.com\\\/en\\\/news\\\/\"]}]},{\"@type\":\"BreadcrumbList\",\"@id\":\"https:\\\/\\\/www.valleedazergues.com\\\/en\\\/news\\\/#breadcrumb\",\"itemListElement\":[{\"@type\":\"ListItem\",\"position\":1,\"name\":\"Accueil\",\"item\":\"https:\\\/\\\/www.valleedazergues.com\\\/en\\\/\"},{\"@type\":\"ListItem\",\"position\":2,\"name\":\"News\"}]},{\"@type\":\"WebSite\",\"@id\":\"https:\\\/\\\/www.valleedazergues.com\\\/en\\\/#website\",\"url\":\"https:\\\/\\\/www.valleedazergues.com\\\/en\\\/\",\"name\":\"Autocars de la Vall\u00e9e d'Azergues\",\"description\":\"\",\"publisher\":{\"@id\":\"https:\\\/\\\/www.valleedazergues.com\\\/en\\\/#organization\"},\"potentialAction\":[{\"@type\":\"SearchAction\",\"target\":{\"@type\":\"EntryPoint\",\"urlTemplate\":\"https:\\\/\\\/www.valleedazergues.com\\\/en\\\/?s={search_term_string}\"},\"query-input\":{\"@type\":\"PropertyValueSpecification\",\"valueRequired\":true,\"valueName\":\"search_term_string\"}}],\"inLanguage\":\"en-GB\"},{\"@type\":\"Organization\",\"@id\":\"https:\\\/\\\/www.valleedazergues.com\\\/en\\\/#organization\",\"name\":\"Autocars Vall\u00e9e d'Azergues\",\"url\":\"https:\\\/\\\/www.valleedazergues.com\\\/en\\\/\",\"logo\":{\"@type\":\"ImageObject\",\"inLanguage\":\"en-GB\",\"@id\":\"https:\\\/\\\/www.valleedazergues.com\\\/en\\\/#\\\/schema\\\/logo\\\/image\\\/\",\"url\":\"https:\\\/\\\/www.valleedazergues.com\\\/wp-content\\\/uploads\\\/2021\\\/08\\\/partage-site.jpg\",\"contentUrl\":\"https:\\\/\\\/www.valleedazergues.com\\\/wp-content\\\/uploads\\\/2021\\\/08\\\/partage-site.jpg\",\"width\":560,\"height\":292,\"caption\":\"Autocars Vall\u00e9e d'Azergues\"},\"image\":{\"@id\":\"https:\\\/\\\/www.valleedazergues.com\\\/en\\\/#\\\/schema\\\/logo\\\/image\\\/\"},\"sameAs\":[\"https:\\\/\\\/www.facebook.com\\\/autocarsvalleedazergues\\\/\"]}]}<\/script>\n<!-- \/ Yoast SEO plugin. -->","yoast_head_json":{"title":"Azergues Valley coaches - Find out everything","description":"All the news about Azergues Valley coaches","robots":{"index":"index","follow":"follow","max-snippet":"max-snippet:-1","max-image-preview":"max-image-preview:large","max-video-preview":"max-video-preview:-1"},"canonical":"https:\/\/www.valleedazergues.com\/en\/news\/","og_locale":"en_GB","og_type":"article","og_title":"Azergues Valley coaches - Find out everything","og_description":"All the news about Azergues Valley coaches","og_url":"https:\/\/www.valleedazergues.com\/en\/news\/","og_site_name":"Autocars de la Vall\u00e9e d&#039;Azergues","article_publisher":"https:\/\/www.facebook.com\/autocarsvalleedazergues\/","article_modified_time":"2021-09-21T07:52:53+00:00","twitter_card":"summary_large_image","twitter_title":"Azergues Valley coaches - Find out everything","twitter_description":"All the news about Azergues Valley coaches","twitter_misc":{"Estimated reading time":"2 minutes"},"schema":{"@context":"https:\/\/schema.org","@graph":[{"@type":"WebPage","@id":"https:\/\/www.valleedazergues.com\/en\/news\/","url":"https:\/\/www.valleedazergues.com\/en\/news\/","name":"Azergues Valley coaches - Find out everything","isPartOf":{"@id":"https:\/\/www.valleedazergues.com\/en\/#website"},"datePublished":"2021-09-20T14:20:58+00:00","dateModified":"2021-09-21T07:52:53+00:00","description":"All the news about Azergues Valley coaches","breadcrumb":{"@id":"https:\/\/www.valleedazergues.com\/en\/news\/#breadcrumb"},"inLanguage":"en-GB","potentialAction":[{"@type":"ReadAction","target":["https:\/\/www.valleedazergues.com\/en\/news\/"]}]},{"@type":"BreadcrumbList","@id":"https:\/\/www.valleedazergues.com\/en\/news\/#breadcrumb","itemListElement":[{"@type":"ListItem","position":1,"name":"Accueil","item":"https:\/\/www.valleedazergues.com\/en\/"},{"@type":"ListItem","position":2,"name":"News"}]},{"@type":"WebSite","@id":"https:\/\/www.valleedazergues.com\/en\/#website","url":"https:\/\/www.valleedazergues.com\/en\/","name":"Autocars de la Vall\u00e9e d'Azergues","description":"","publisher":{"@id":"https:\/\/www.valleedazergues.com\/en\/#organization"},"potentialAction":[{"@type":"SearchAction","target":{"@type":"EntryPoint","urlTemplate":"https:\/\/www.valleedazergues.com\/en\/?s={search_term_string}"},"query-input":{"@type":"PropertyValueSpecification","valueRequired":true,"valueName":"search_term_string"}}],"inLanguage":"en-GB"},{"@type":"Organization","@id":"https:\/\/www.valleedazergues.com\/en\/#organization","name":"Autocars Vall\u00e9e d'Azergues","url":"https:\/\/www.valleedazergues.com\/en\/","logo":{"@type":"ImageObject","inLanguage":"en-GB","@id":"https:\/\/www.valleedazergues.com\/en\/#\/schema\/logo\/image\/","url":"https:\/\/www.valleedazergues.com\/wp-content\/uploads\/2021\/08\/partage-site.jpg","contentUrl":"https:\/\/www.valleedazergues.com\/wp-content\/uploads\/2021\/08\/partage-site.jpg","width":560,"height":292,"caption":"Autocars Vall\u00e9e d'Azergues"},"image":{"@id":"https:\/\/www.valleedazergues.com\/en\/#\/schema\/logo\/image\/"},"sameAs":["https:\/\/www.facebook.com\/autocarsvalleedazergues\/"]}]}},"coauthors":[],"author_meta":{"author_link":"https:\/\/www.valleedazergues.com\/en\/author\/pmpconcept\/","display_name":"pmpconcept"},"relative_dates":{"created":"Posted 5 years ago","modified":"Updated 5 years ago"},"absolute_dates":{"created":"Posted on 20 September 2021","modified":"Updated on 21 September 2021"},"absolute_dates_time":{"created":"Posted on 20 September 2021 16:20","modified":"Updated on 21 September 2021 09:52"},"featured_img_caption":"","featured_img":false,"series_order":"","_links":{"self":[{"href":"https:\/\/www.valleedazergues.com\/en\/wp-json\/wp\/v2\/pages\/12257","targetHints":{"allow":["GET"]}}],"collection":[{"href":"https:\/\/www.valleedazergues.com\/en\/wp-json\/wp\/v2\/pages"}],"about":[{"href":"https:\/\/www.valleedazergues.com\/en\/wp-json\/wp\/v2\/types\/page"}],"author":[{"embeddable":true,"href":"https:\/\/www.valleedazergues.com\/en\/wp-json\/wp\/v2\/users\/1"}],"replies":[{"embeddable":true,"href":"https:\/\/www.valleedazergues.com\/en\/wp-json\/wp\/v2\/comments?post=12257"}],"version-history":[{"count":0,"href":"https:\/\/www.valleedazergues.com\/en\/wp-json\/wp\/v2\/pages\/12257\/revisions"}],"wp:attachment":[{"href":"https:\/\/www.valleedazergues.com\/en\/wp-json\/wp\/v2\/media?parent=12257"}],"curies":[{"name":"wp","href":"https:\/\/api.w.org\/{rel}","templated":true}]}}